{"id":74,"date":"2025-10-19T17:35:19","date_gmt":"2025-10-19T15:35:19","guid":{"rendered":"https:\/\/mx.maux-mx.fr\/?page_id=74"},"modified":"2025-10-22T19:57:32","modified_gmt":"2025-10-22T17:57:32","slug":"home","status":"publish","type":"page","link":"https:\/\/mx.maux-mx.fr\/","title":{"rendered":"Home"},"content":{"rendered":"<p>[et_pb_section fb_built=\u00a0\u00bb1&Prime; admin_label=\u00a0\u00bbHeader\u00a0\u00bb _builder_version=\u00a0\u00bb4.27.2&Prime; _module_preset=\u00a0\u00bbd0a454e8-136b-41bf-8d24-9f225a83a7ee\u00a0\u00bb background_image=\u00a0\u00bbhttps:\/\/mx.maux-mx.fr\/wp-content\/uploads\/2025\/10\/construction-ss-01.jpg\u00a0\u00bb collapsed=\u00a0\u00bbon\u00a0\u00bb global_colors_info=\u00a0\u00bb{}\u00a0\u00bb][et_pb_row _builder_version=\u00a0\u00bb4.27.2&Prime; _module_preset=\u00a0\u00bbdefault\u00a0\u00bb global_colors_info=\u00a0\u00bb{}\u00a0\u00bb][et_pb_column type=\u00a0\u00bb4_4&Prime; _builder_version=\u00a0\u00bb4.27.2&Prime; _module_preset=\u00a0\u00bbdefault\u00a0\u00bb global_colors_info=\u00a0\u00bb{}\u00a0\u00bb][et_pb_heading title=\u00a0\u00bbConstruisons Ensemble !\u00a0\u00bb _builder_version=\u00a0\u00bb4.27.4&Prime; _module_preset=\u00a0\u00bbb4f960fe-aee4-4cac-ba40-a277c046cbea\u00a0\u00bb title_text_color=\u00a0\u00bbgcid-primary-color\u00a0\u00bb global_colors_info=\u00a0\u00bb{%22gcid-primary-color%22:%91%22title_text_color%22%93}\u00a0\u00bb][\/et_pb_heading][et_pb_heading title=\u00a0\u00bbVotre r\u00e9seau de n\u00e9goces de construction de proximit\u00e9 en limousin\u00a0\u00bb _builder_version=\u00a0\u00bb4.27.4&Prime; _module_preset=\u00a0\u00bb68993514-5e9c-407b-b0f4-6fff01ba680d\u00a0\u00bb global_colors_info=\u00a0\u00bb{}\u00a0\u00bb][\/et_pb_heading][\/et_pb_column][\/et_pb_row][et_pb_row column_structure=\u00a0\u00bb2_5,3_5&Prime; _builder_version=\u00a0\u00bb4.27.2&Prime; _module_preset=\u00a0\u00bbdefault\u00a0\u00bb global_colors_info=\u00a0\u00bb{}\u00a0\u00bb][et_pb_column type=\u00a0\u00bb2_5&Prime; _builder_version=\u00a0\u00bb4.27.2&Prime; _module_preset=\u00a0\u00bbdefault\u00a0\u00bb global_colors_info=\u00a0\u00bb{}\u00a0\u00bb][et_pb_image src=\u00a0\u00bbhttps:\/\/mx.maux-mx.fr\/wp-content\/uploads\/2025\/10\/MAUX-MATERIAUX-JAUNE-scaled.png\u00a0\u00bb title_text=\u00a0\u00bbMAUX MATERIAUX JAUNE\u00a0\u00bb _builder_version=\u00a0\u00bb4.27.4&Prime; _module_preset=\u00a0\u00bbdefault\u00a0\u00bb global_colors_info=\u00a0\u00bb{}\u00a0\u00bb][\/et_pb_image][\/et_pb_column][et_pb_column type=\u00a0\u00bb3_5&Prime; _builder_version=\u00a0\u00bb4.27.2&Prime; _module_preset=\u00a0\u00bbf61be372-a7ac-411c-aa86-ec26745f8747&Prime; global_colors_info=\u00a0\u00bb{}\u00a0\u00bb][et_pb_heading title=\u00a0\u00bbUne question, appelez-nous :\u00a0\u00bb _builder_version=\u00a0\u00bb4.27.4&Prime; _module_preset=\u00a0\u00bb7ff2aa0d-bbad-4a08-a06d-9d8399603c87&Prime; title_text_color=\u00a0\u00bb#000000&Prime; custom_margin=\u00a0\u00bb||10px||false|false\u00a0\u00bb global_colors_info=\u00a0\u00bb{}\u00a0\u00bb][\/et_pb_heading][et_pb_heading title=\u00a0\u00bb05 55 30 45 55&Prime; _builder_version=\u00a0\u00bb4.27.4&Prime; _module_preset=\u00a0\u00bb6347af1f-7d86-438a-96a2-07a56fcc4605&Prime; title_text_color=\u00a0\u00bb#000000&Prime; global_colors_info=\u00a0\u00bb{}\u00a0\u00bb][\/et_pb_heading][et_pb_button button_url=\u00a0\u00bbhttps:\/\/mx.maux-mx.fr\/?page_id=72&Prime; button_text=\u00a0\u00bbVotre projet m\u00e9rite un prix, DEMANDEZ UN DEVIS\u00a0\u00bb _builder_version=\u00a0\u00bb4.27.4&Prime; _module_preset=\u00a0\u00bbf8a2e2ba-6df6-4c4d-a97e-89770dfee535&Prime; global_colors_info=\u00a0\u00bb{}\u00a0\u00bb][\/et_pb_button][\/et_pb_column][\/et_pb_row][\/et_pb_section][et_pb_section fb_built=\u00a0\u00bb1&Prime; admin_label=\u00a0\u00bbCategory\u00a0\u00bb _builder_version=\u00a0\u00bb4.27.2&Prime; _module_preset=\u00a0\u00bbdefault\u00a0\u00bb collapsed=\u00a0\u00bbon\u00a0\u00bb global_colors_info=\u00a0\u00bb{}\u00a0\u00bb][et_pb_row column_structure=\u00a0\u00bb1_2,1_2&Prime; make_equal=\u00a0\u00bbon\u00a0\u00bb _builder_version=\u00a0\u00bb4.27.2&Prime; _module_preset=\u00a0\u00bbdefault\u00a0\u00bb global_colors_info=\u00a0\u00bb{}\u00a0\u00bb][et_pb_column type=\u00a0\u00bb1_2&Prime; _builder_version=\u00a0\u00bb4.27.2&Prime; _module_preset=\u00a0\u00bb4dddf167-7f69-4d79-a684-476c78a4072b\u00a0\u00bb background_image=\u00a0\u00bbhttps:\/\/mx.maux-mx.fr\/wp-content\/uploads\/2025\/10\/construction-ss-21b.jpg\u00a0\u00bb link_option_url=\u00a0\u00bb#\u00a0\u00bb hover_enabled=\u00a0\u00bb1&Prime; global_colors_info=\u00a0\u00bb{%22gcid-6bb521d5-2649-4d07-a59b-3ce6a3808f81%22:%91%22box_shadow_color%22,%22border_color_all%22%93}\u00a0\u00bb][et_pb_heading title=\u00a0\u00bbPour les PROS\u00a0\u00bb _builder_version=\u00a0\u00bb4.27.4&Prime; _module_preset=\u00a0\u00bb6347af1f-7d86-438a-96a2-07a56fcc4605&Prime; title_text_align=\u00a0\u00bbcenter\u00a0\u00bb custom_margin=\u00a0\u00bb||10px||false|false\u00a0\u00bb global_colors_info=\u00a0\u00bb{}\u00a0\u00bb][\/et_pb_heading][et_pb_text _builder_version=\u00a0\u00bb4.27.4&Prime; _module_preset=\u00a0\u00bbe0c3f570-5402-4719-bb64-8d8f6ad4b530&Prime; text_orientation=\u00a0\u00bbcenter\u00a0\u00bb global_colors_info=\u00a0\u00bb{}\u00a0\u00bb]<\/p>\n<p>Du conseil \u00e0 la livraison, nous vous accompagnons pas \u00e0 pas dans la r\u00e9alisation de vos projets. Nos camions-grues facilitent le d\u00e9p\u00f4t des mat\u00e9riaux chez vous, et notre gamme \u00e9volutive s\u2019ajuste \u00e0 vos besoins sp\u00e9cifiques pour simplifier vos travaux au quotidien. <\/p>\n<p>[\/et_pb_text][\/et_pb_column][et_pb_column type=\u00a0\u00bb1_2&Prime; _builder_version=\u00a0\u00bb4.27.2&Prime; _module_preset=\u00a0\u00bb4dddf167-7f69-4d79-a684-476c78a4072b\u00a0\u00bb background_image=\u00a0\u00bbhttps:\/\/mx.maux-mx.fr\/wp-content\/uploads\/2025\/10\/construction-company-36.jpg\u00a0\u00bb link_option_url=\u00a0\u00bb#\u00a0\u00bb global_colors_info=\u00a0\u00bb{}\u00a0\u00bb][et_pb_heading title=\u00a0\u00bb&#8230; et  les particuliers\u00a0\u00bb _builder_version=\u00a0\u00bb4.27.4&Prime; _module_preset=\u00a0\u00bb6347af1f-7d86-438a-96a2-07a56fcc4605&Prime; title_text_align=\u00a0\u00bbcenter\u00a0\u00bb custom_margin=\u00a0\u00bb||10px||false|false\u00a0\u00bb global_colors_info=\u00a0\u00bb{}\u00a0\u00bb][\/et_pb_heading][et_pb_text _builder_version=\u00a0\u00bb4.27.4&Prime; _module_preset=\u00a0\u00bbe0c3f570-5402-4719-bb64-8d8f6ad4b530&Prime; text_orientation=\u00a0\u00bbcenter\u00a0\u00bb global_colors_info=\u00a0\u00bb{}\u00a0\u00bb]<\/p>\n<p>Chaque agence s\u2019adapte \u00e0 vos besoins pour vous aider \u00e0 tout faire. Nos quincailleries vous proposent des services sur mesure, comme la r\u00e9alisation de peintures \u00e0 vos couleurs. Nous vous accueillons aussi le samedi matin pour mieux r\u00e9pondre \u00e0 vos disponibilit\u00e9s. <\/p>\n<p>[\/et_pb_text][\/et_pb_column][\/et_pb_row][\/et_pb_section][et_pb_section fb_built=\u00a0\u00bb1&Prime; _builder_version=\u00a0\u00bb4.27.4&Prime; _module_preset=\u00a0\u00bbdefault\u00a0\u00bb use_background_color_gradient=\u00a0\u00bbon\u00a0\u00bb background_color_gradient_direction=\u00a0\u00bb288deg\u00a0\u00bb background_color_gradient_stops=\u00a0\u00bb#000000 0%|#ffdd00 98%\u00a0\u00bb background_enable_pattern_style=\u00a0\u00bbon\u00a0\u00bb background_pattern_style=\u00a0\u00bbdiagonal-stripes-2&Prime; background_pattern_blend_mode=\u00a0\u00bboverlay\u00a0\u00bb global_colors_info=\u00a0\u00bb{}\u00a0\u00bb][et_pb_row column_structure=\u00a0\u00bb1_3,1_3,1_3&Prime; _builder_version=\u00a0\u00bb4.27.4&Prime; _module_preset=\u00a0\u00bbdefault\u00a0\u00bb global_colors_info=\u00a0\u00bb{}\u00a0\u00bb][et_pb_column type=\u00a0\u00bb1_3&Prime; _builder_version=\u00a0\u00bb4.27.4&Prime; _module_preset=\u00a0\u00bbdefault\u00a0\u00bb global_colors_info=\u00a0\u00bb{}\u00a0\u00bb][et_pb_slider _builder_version=\u00a0\u00bb4.27.4&Prime; _module_preset=\u00a0\u00bbdefault\u00a0\u00bb hover_transition_duration=\u00a0\u00bb0ms\u00a0\u00bb global_colors_info=\u00a0\u00bb{%22gcid-primary-color%22:%91%22button_bg_color%22,%22quote_text_color%22,%22button_bg_color%22,%22quote_text_color%22%93,%22gcid-body-color%22:%91%22body_text_color%22,%22body_text_color%22%93}\u00a0\u00bb][et_pb_slide heading=\u00a0\u00bbCh\u00e2lus\u00a0\u00bb image=\u00a0\u00bbhttps:\/\/mx.maux-mx.fr\/wp-content\/uploads\/2025\/10\/maux-chalus-vue-facade-2048&#215;1152-1.jpeg\u00a0\u00bb _builder_version=\u00a0\u00bb4.27.4&Prime; _module_preset=\u00a0\u00bbdefault\u00a0\u00bb global_colors_info=\u00a0\u00bb{}\u00a0\u00bb sticky_transition=\u00a0\u00bbon\u00a0\u00bb]<\/p>\n<p>Agence de centre-bourg proposant de nombreux services\u202f: quincaillerie compl\u00e8te, duplication de cl\u00e9s, mise \u00e0 la teinte de peintures, d\u00e9coupe de panneaux et de fers, et bien plus encore.<\/p>\n<p>&nbsp;<\/p>\n<p>[\/et_pb_slide][et_pb_slide heading=\u00a0\u00bbContact\u00a0\u00bb _builder_version=\u00a0\u00bb4.27.4&Prime; _module_preset=\u00a0\u00bbdefault\u00a0\u00bb global_colors_info=\u00a0\u00bb{}\u00a0\u00bb sticky_transition=\u00a0\u00bbon\u00a0\u00bb]<\/p>\n<p>Adresse :<br \/>15 rue du March\u00e9<br \/>87230 CH\u00c2LUS<\/p>\n<p>05 55 78 41 62<br \/>chalus@maux-mx.fr<\/p>\n<p>[\/et_pb_slide][\/et_pb_slider][et_pb_slider _builder_version=\u00a0\u00bb4.27.4&Prime; _module_preset=\u00a0\u00bbdefault\u00a0\u00bb hover_transition_duration=\u00a0\u00bb0ms\u00a0\u00bb global_colors_info=\u00a0\u00bb{%22gcid-primary-color%22:%91%22button_bg_color%22,%22quote_text_color%22,%22button_bg_color%22,%22quote_text_color%22,%22button_bg_color%22,%22quote_text_color%22%93,%22gcid-body-color%22:%91%22body_text_color%22,%22body_text_color%22,%22body_text_color%22%93}\u00a0\u00bb][et_pb_slide heading=\u00a0\u00bbAuzances\u00a0\u00bb image=\u00a0\u00bbhttps:\/\/mx.maux-mx.fr\/wp-content\/uploads\/2025\/10\/maux-pradeux-entree-magasin-300&#215;300-1.jpg\u00a0\u00bb _builder_version=\u00a0\u00bb4.27.4&Prime; _module_preset=\u00a0\u00bbdefault\u00a0\u00bb global_colors_info=\u00a0\u00bb{}\u00a0\u00bb sticky_transition=\u00a0\u00bbon\u00a0\u00bb]<\/p>\n<p>Une quincaillerie de proximit\u00e9 et sinc\u00e8re qui offre stock, mise \u00e0 la teinte, d\u00e9coupe de panneaux&#8230;<br \/>Vente sur place et livraison de Fuel, Gasoil et GNR.<br \/>Mat\u00e9riaux de construction et service de livraison au top !<\/p>\n<p>[\/et_pb_slide][et_pb_slide heading=\u00a0\u00bbContact\u00a0\u00bb _builder_version=\u00a0\u00bb4.27.4&Prime; _module_preset=\u00a0\u00bbdefault\u00a0\u00bb global_colors_info=\u00a0\u00bb{}\u00a0\u00bb sticky_transition=\u00a0\u00bbon\u00a0\u00bb]<\/p>\n<p>Adresse :<br \/>11 rue Mar\u00e9chal Leclerc<br \/>23700 AUZANCES<\/p>\n<p>05 55 67 01 01<br \/>auzances@maux-mx.fr<\/p>\n<p>[\/et_pb_slide][\/et_pb_slider][\/et_pb_column][et_pb_column type=\u00a0\u00bb1_3&Prime; _builder_version=\u00a0\u00bb4.27.4&Prime; _module_preset=\u00a0\u00bbdefault\u00a0\u00bb global_colors_info=\u00a0\u00bb{}\u00a0\u00bb][et_pb_slider _builder_version=\u00a0\u00bb4.27.4&Prime; _module_preset=\u00a0\u00bbdefault\u00a0\u00bb hover_transition_duration=\u00a0\u00bb0ms\u00a0\u00bb global_colors_info=\u00a0\u00bb{}\u00a0\u00bb][et_pb_slide heading=\u00a0\u00bbBonnac la C\u00f4te\u00a0\u00bb image=\u00a0\u00bbhttps:\/\/mx.maux-mx.fr\/wp-content\/uploads\/2025\/10\/limoges-occasions.jpg\u00a0\u00bb _builder_version=\u00a0\u00bb4.27.4&Prime; _module_preset=\u00a0\u00bbdefault\u00a0\u00bb global_colors_info=\u00a0\u00bb{}\u00a0\u00bb sticky_transition=\u00a0\u00bbon\u00a0\u00bb]<\/p>\n<p>Cette agence a cette particularit\u00e9 d&rsquo;\u00eatre \u00e0 la fois sp\u00e9cialiste des mat\u00e9riaux de construction techniques, la d\u00e9coupe de fer et soudures ainsi que des mat\u00e9riaux d&rsquo;occasion.<\/p>\n<p>[\/et_pb_slide][et_pb_slide heading=\u00a0\u00bbContact\u00a0\u00bb button_text=\u00a0\u00bbsite web\u00a0\u00bb button_link=\u00a0\u00bbhttps:\/\/www.limoges-occasions.fr\/\u00a0\u00bb _builder_version=\u00a0\u00bb4.27.4&Prime; _module_preset=\u00a0\u00bbdefault\u00a0\u00bb global_colors_info=\u00a0\u00bb{}\u00a0\u00bb sticky_transition=\u00a0\u00bbon\u00a0\u00bb]<\/p>\n<p>Adresse :<br \/>3 impasse de la Vergne<br \/>87270 BONNAC LA C\u00d4TE<\/p>\n<p>05 55 39 90 01<br \/>bonnac@maux-mx.fr<\/p>\n<p>[\/et_pb_slide][\/et_pb_slider][et_pb_slider _builder_version=\u00a0\u00bb4.27.4&Prime; _module_preset=\u00a0\u00bbdefault\u00a0\u00bb hover_transition_duration=\u00a0\u00bb0ms\u00a0\u00bb global_colors_info=\u00a0\u00bb{%22gcid-primary-color%22:%91%22button_bg_color%22,%22quote_text_color%22%93,%22gcid-body-color%22:%91%22body_text_color%22%93}\u00a0\u00bb][et_pb_slide heading=\u00a0\u00bbEvaux les Bains\u00a0\u00bb image=\u00a0\u00bbhttps:\/\/mx.maux-mx.fr\/wp-content\/uploads\/2025\/10\/maux-pradeux-evaux-entree1-2048&#215;1152-1.jpeg\u00a0\u00bb _builder_version=\u00a0\u00bb4.27.4&Prime; _module_preset=\u00a0\u00bbdefault\u00a0\u00bb global_colors_info=\u00a0\u00bb{}\u00a0\u00bb sticky_transition=\u00a0\u00bbon\u00a0\u00bb]<\/p>\n<p>Une petite agence, mais de grands services !<br \/>Une offre de quincaillerie fournie et efficace.<br \/>Un service de livraison direct sur vos chantiers !<\/p>\n<p>[\/et_pb_slide][et_pb_slide heading=\u00a0\u00bbContact\u00a0\u00bb _builder_version=\u00a0\u00bb4.27.4&Prime; _module_preset=\u00a0\u00bbdefault\u00a0\u00bb global_colors_info=\u00a0\u00bb{}\u00a0\u00bb sticky_transition=\u00a0\u00bbon\u00a0\u00bb]<\/p>\n<p>Adresse :<br \/>Faubourg Monneix<br \/>23110 EVAUX LES BAINS<\/p>\n<p>05 55 65 56 16<br \/>evaux@maux-mx.fr<\/p>\n<p>[\/et_pb_slide][\/et_pb_slider][\/et_pb_column][et_pb_column type=\u00a0\u00bb1_3&Prime; _builder_version=\u00a0\u00bb4.27.4&Prime; _module_preset=\u00a0\u00bbdefault\u00a0\u00bb global_colors_info=\u00a0\u00bb{}\u00a0\u00bb][et_pb_slider _builder_version=\u00a0\u00bb4.27.4&Prime; _module_preset=\u00a0\u00bbdefault\u00a0\u00bb hover_transition_duration=\u00a0\u00bb0ms\u00a0\u00bb global_colors_info=\u00a0\u00bb{%22gcid-primary-color%22:%91%22button_bg_color%22,%22quote_text_color%22,%22button_bg_color%22,%22quote_text_color%22%93,%22gcid-body-color%22:%91%22body_text_color%22,%22body_text_color%22%93}\u00a0\u00bb][et_pb_slide heading=\u00a0\u00bbSaint Germain les Belles\u00a0\u00bb image=\u00a0\u00bbhttps:\/\/mx.maux-mx.fr\/wp-content\/uploads\/2025\/10\/maux-saint-germain-flotte-camions-livraison1-scaled.jpeg\u00a0\u00bb _builder_version=\u00a0\u00bb4.27.4&Prime; _module_preset=\u00a0\u00bbdefault\u00a0\u00bb global_colors_info=\u00a0\u00bb{}\u00a0\u00bb sticky_transition=\u00a0\u00bbon\u00a0\u00bb]<\/p>\n<p>Retrouvez tous les services que vous m\u00e9ritez dans cette agence accessible. Accueil, conseil et prestations pro !<\/p>\n<p>[\/et_pb_slide][et_pb_slide heading=\u00a0\u00bbContact\u00a0\u00bb _builder_version=\u00a0\u00bb4.27.4&Prime; _module_preset=\u00a0\u00bbdefault\u00a0\u00bb global_colors_info=\u00a0\u00bb{}\u00a0\u00bb sticky_transition=\u00a0\u00bbon\u00a0\u00bb]<\/p>\n<p>Adresse :<br \/>5 rue de la Borias<br \/>87380 Saint Germain les Belles<\/p>\n<p>05 55 71 93 23<br \/>stgermain@maux-mx.fr<\/p>\n<p>[\/et_pb_slide][\/et_pb_slider][et_pb_slider _builder_version=\u00a0\u00bb4.27.4&Prime; _module_preset=\u00a0\u00bbdefault\u00a0\u00bb hover_transition_duration=\u00a0\u00bb0ms\u00a0\u00bb global_colors_info=\u00a0\u00bb{%22gcid-primary-color%22:%91%22button_bg_color%22,%22quote_text_color%22,%22button_bg_color%22,%22quote_text_color%22%93,%22gcid-body-color%22:%91%22body_text_color%22,%22body_text_color%22%93}\u00a0\u00bb][et_pb_slide heading=\u00a0\u00bbMAUX BOIS\u00a0\u00bb image=\u00a0\u00bbhttps:\/\/mx.maux-mx.fr\/wp-content\/uploads\/2025\/10\/IMG_4212-scaled.jpeg\u00a0\u00bb _builder_version=\u00a0\u00bb4.27.4&Prime; _module_preset=\u00a0\u00bbdefault\u00a0\u00bb header_text_color=\u00a0\u00bb#E09900&Prime; global_colors_info=\u00a0\u00bb{}\u00a0\u00bb sticky_transition=\u00a0\u00bbon\u00a0\u00bb]<\/p>\n<p>Notre petit plus !<br \/>Le bois de charpente que vous achetez, c&rsquo;est nous qui l&rsquo;avons fait !<br \/>Approvisionnement local et mains de ma\u00eetre \u00e0 l&rsquo;oeuvre !<\/p>\n<p>[\/et_pb_slide][\/et_pb_slider][\/et_pb_column][\/et_pb_row][\/et_pb_section][et_pb_section fb_built=\u00a0\u00bb1&Prime; admin_label=\u00a0\u00bbFeatures\u00a0\u00bb _builder_version=\u00a0\u00bb4.27.2&Prime; _module_preset=\u00a0\u00bbdefault\u00a0\u00bb collapsed=\u00a0\u00bbon\u00a0\u00bb global_colors_info=\u00a0\u00bb{}\u00a0\u00bb][et_pb_row _builder_version=\u00a0\u00bb4.27.2&Prime; _module_preset=\u00a0\u00bbdefault\u00a0\u00bb global_colors_info=\u00a0\u00bb{}\u00a0\u00bb][et_pb_column type=\u00a0\u00bb4_4&Prime; _builder_version=\u00a0\u00bb4.27.2&Prime; _module_preset=\u00a0\u00bbdefault\u00a0\u00bb global_colors_info=\u00a0\u00bb{}\u00a0\u00bb][et_pb_heading title=\u00a0\u00bbVotre partenaire construction et r\u00e9novation\u00a0\u00bb _builder_version=\u00a0\u00bb4.27.2&Prime; _module_preset=\u00a0\u00bb4fef1d18-6463-4a03-a5bd-d7a9b8b41821&Prime; title_text_align=\u00a0\u00bbcenter\u00a0\u00bb global_colors_info=\u00a0\u00bb{}\u00a0\u00bb][\/et_pb_heading][\/et_pb_column][\/et_pb_row][et_pb_row column_structure=\u00a0\u00bb1_3,1_3,1_3&Prime; custom_padding_last_edited=\u00a0\u00bbon|tablet\u00a0\u00bb _builder_version=\u00a0\u00bb4.27.2&Prime; _module_preset=\u00a0\u00bbdefault\u00a0\u00bb custom_padding_tablet=\u00a0\u00bb||0px||false|false\u00a0\u00bb custom_padding_phone=\u00a0\u00bb||0px||false|false\u00a0\u00bb global_colors_info=\u00a0\u00bb{}\u00a0\u00bb][et_pb_column type=\u00a0\u00bb1_3&Prime; _builder_version=\u00a0\u00bb4.27.2&Prime; _module_preset=\u00a0\u00bbdefault\u00a0\u00bb global_colors_info=\u00a0\u00bb{}\u00a0\u00bb][et_pb_blurb title=\u00a0\u00bbExigence Professionnelle et Durabilit\u00e9\u00a0\u00bb icon_placement=\u00a0\u00bbtop\u00a0\u00bb _builder_version=\u00a0\u00bb4.27.2&Prime; _module_preset=\u00a0\u00bb5a784794-19b0-4797-98b0-6c1cb89291e1&Prime; header_text_color=\u00a0\u00bbgcid-primary-color\u00a0\u00bb custom_padding=\u00a0\u00bb||0px|||\u00a0\u00bb global_colors_info=\u00a0\u00bb{%22gcid-primary-color%22:%91%22body_quote_text_color%22,%22header_text_color%22%93}\u00a0\u00bb]<\/p>\n<p>Nous privil\u00e9gions la pr\u00e9cision, le choix de mat\u00e9riaux de qualit\u00e9 et le respect des r\u00e8gles de l&rsquo;art pour chaque projet. Cette rigueur assure une qualit\u00e9 exceptionnelle qui r\u00e9siste \u00e0 l&rsquo;\u00e9preuve du temps.<\/p>\n<p>[\/et_pb_blurb][et_pb_blurb icon_placement=\u00a0\u00bbtop\u00a0\u00bb _builder_version=\u00a0\u00bb4.27.2&Prime; _module_preset=\u00a0\u00bb5a784794-19b0-4797-98b0-6c1cb89291e1&Prime; header_text_color=\u00a0\u00bbgcid-primary-color\u00a0\u00bb global_colors_info=\u00a0\u00bb{%22gcid-primary-color%22:%91%22body_quote_text_color%22,%22header_text_color%22%93}\u00a0\u00bb][\/et_pb_blurb][\/et_pb_column][et_pb_column type=\u00a0\u00bb1_3&Prime; _builder_version=\u00a0\u00bb4.27.2&Prime; _module_preset=\u00a0\u00bbdefault\u00a0\u00bb global_colors_info=\u00a0\u00bb{}\u00a0\u00bb][et_pb_blurb title=\u00a0\u00bbR\u00e9activit\u00e9 et Respect des Engagements\u00a0\u00bb icon_placement=\u00a0\u00bbtop\u00a0\u00bb _builder_version=\u00a0\u00bb4.27.4&Prime; _module_preset=\u00a0\u00bb5a784794-19b0-4797-98b0-6c1cb89291e1&Prime; header_text_color=\u00a0\u00bbgcid-primary-color\u00a0\u00bb hover_enabled=\u00a0\u00bb0&Prime; locked=\u00a0\u00bboff\u00a0\u00bb global_colors_info=\u00a0\u00bb{%22gcid-primary-color%22:%91%22body_quote_text_color%22,%22header_text_color%22%93}\u00a0\u00bb sticky_enabled=\u00a0\u00bb0&Prime;]<\/p>\n<p><span>Ici, pas de surprise\u202f: on s\u2019engage sur les d\u00e9lais et, quand on dit oui, on livre. Nos \u00e9quipes sont r\u00e9actives et joignables, parce qu\u2019on sait que les travaux n\u2019attendent pas.<\/span><\/p>\n<p>[\/et_pb_blurb][\/et_pb_column][et_pb_column type=\u00a0\u00bb1_3&Prime; _builder_version=\u00a0\u00bb4.27.2&Prime; _module_preset=\u00a0\u00bbdefault\u00a0\u00bb global_colors_info=\u00a0\u00bb{}\u00a0\u00bb][et_pb_blurb title=\u00a0\u00bbSolutions \u00c9co-Responsables\u00a0\u00bb icon_placement=\u00a0\u00bbtop\u00a0\u00bb _builder_version=\u00a0\u00bb4.27.4&Prime; _module_preset=\u00a0\u00bb5a784794-19b0-4797-98b0-6c1cb89291e1&Prime; header_text_color=\u00a0\u00bbgcid-primary-color\u00a0\u00bb hover_enabled=\u00a0\u00bb0&Prime; locked=\u00a0\u00bboff\u00a0\u00bb global_colors_info=\u00a0\u00bb{%22gcid-primary-color%22:%91%22body_quote_text_color%22,%22header_text_color%22%93}\u00a0\u00bb sticky_enabled=\u00a0\u00bb0&Prime;]<\/p>\n<p><span>On propose des solutions simples pour limiter l\u2019impact sur l\u2019environnement, et on privil\u00e9gie les mat\u00e9riaux qui durent. Sensible au durable, on vous accompagne pour construire malin et responsable.<\/span><\/p>\n<p>[\/et_pb_blurb][\/et_pb_column][\/et_pb_row][et_pb_row column_structure=\u00a0\u00bb1_3,1_3,1_3&Prime; custom_padding_last_edited=\u00a0\u00bbon|tablet\u00a0\u00bb _builder_version=\u00a0\u00bb4.27.2&Prime; _module_preset=\u00a0\u00bbdefault\u00a0\u00bb custom_padding_tablet=\u00a0\u00bb||0px||false|false\u00a0\u00bb custom_padding_phone=\u00a0\u00bb||0px||false|false\u00a0\u00bb global_colors_info=\u00a0\u00bb{}\u00a0\u00bb][et_pb_column type=\u00a0\u00bb1_3&Prime; _builder_version=\u00a0\u00bb4.27.2&Prime; _module_preset=\u00a0\u00bbdefault\u00a0\u00bb global_colors_info=\u00a0\u00bb{}\u00a0\u00bb][et_pb_blurb title=\u00a0\u00bbProximit\u00e9 et Conseil Personnalis\u00e9\u00a0\u00bb icon_placement=\u00a0\u00bbtop\u00a0\u00bb _builder_version=\u00a0\u00bb4.27.4&Prime; _module_preset=\u00a0\u00bb5a784794-19b0-4797-98b0-6c1cb89291e1&Prime; header_text_color=\u00a0\u00bbgcid-primary-color\u00a0\u00bb hover_enabled=\u00a0\u00bb0&Prime; global_colors_info=\u00a0\u00bb{%22gcid-primary-color%22:%91%22body_quote_text_color%22,%22header_text_color%22%93}\u00a0\u00bb sticky_enabled=\u00a0\u00bb0&Prime;]<\/p>\n<p><span>Chez nous, le contact est direct\u202f: un interlocuteur unique, disponible et franc. On r\u00e9pond vite, on explique tout, et chaque client est suivi comme on aimerait l\u2019\u00eatre nous-m\u00eames.<\/span><\/p>\n<p>[\/et_pb_blurb][\/et_pb_column][et_pb_column type=\u00a0\u00bb1_3&Prime; _builder_version=\u00a0\u00bb4.27.2&Prime; _module_preset=\u00a0\u00bbdefault\u00a0\u00bb global_colors_info=\u00a0\u00bb{}\u00a0\u00bb][et_pb_blurb title=\u00a0\u00bbExpertise Technique et Innovation\u00a0\u00bb icon_placement=\u00a0\u00bbtop\u00a0\u00bb _builder_version=\u00a0\u00bb4.27.4&Prime; _module_preset=\u00a0\u00bb5a784794-19b0-4797-98b0-6c1cb89291e1&Prime; header_text_color=\u00a0\u00bbgcid-primary-color\u00a0\u00bb hover_enabled=\u00a0\u00bb0&Prime; locked=\u00a0\u00bboff\u00a0\u00bb global_colors_info=\u00a0\u00bb{%22gcid-primary-color%22:%91%22body_quote_text_color%22,%22header_text_color%22%93}\u00a0\u00bb sticky_enabled=\u00a0\u00bb0&Prime;]<\/p>\n<p><span>On r\u00e8gle les soucis du quotidien avec des pros du terrain. Notre exp\u00e9rience, c\u2019est celle des vrais chantiers et des bonnes id\u00e9es pour faciliter \u00e0 la fois la vie des pros et des particuliers.<\/span><\/p>\n<p>[\/et_pb_blurb][\/et_pb_column][et_pb_column type=\u00a0\u00bb1_3&Prime; _builder_version=\u00a0\u00bb4.27.2&Prime; _module_preset=\u00a0\u00bbdefault\u00a0\u00bb global_colors_info=\u00a0\u00bb{}\u00a0\u00bb][et_pb_blurb title=\u00a0\u00bbVotre Satisfaction, Notre Priorit\u00e9\u00a0\u00bb icon_placement=\u00a0\u00bbtop\u00a0\u00bb _builder_version=\u00a0\u00bb4.27.4&Prime; _module_preset=\u00a0\u00bb5a784794-19b0-4797-98b0-6c1cb89291e1&Prime; header_text_color=\u00a0\u00bbgcid-primary-color\u00a0\u00bb hover_enabled=\u00a0\u00bb0&Prime; locked=\u00a0\u00bboff\u00a0\u00bb global_colors_info=\u00a0\u00bb{%22gcid-primary-color%22:%91%22body_quote_text_color%22,%22header_text_color%22%93}\u00a0\u00bb sticky_enabled=\u00a0\u00bb0&Prime;]<\/p>\n<p><span>L\u2019important pour nous\u202f: que le client reparte satisfait, avec le bon conseil et le bon produit, et qu\u2019il revienne pour ses prochaines r\u00e9alisations.<\/span><\/p>\n<p>[\/et_pb_blurb][\/et_pb_column][\/et_pb_row][\/et_pb_section]<\/p>\n","protected":false},"excerpt":{"rendered":"<p>Du conseil \u00e0 la livraison, nous vous accompagnons pas \u00e0 pas dans la r\u00e9alisation de vos projets. Nos camions-grues facilitent le d\u00e9p\u00f4t des mat\u00e9riaux chez vous, et notre gamme \u00e9volutive s\u2019ajuste \u00e0 vos besoins sp\u00e9cifiques pour simplifier vos travaux au quotidien. Chaque agence s\u2019adapte \u00e0 vos besoins pour vous aider \u00e0 tout faire. Nos quincailleries [&hellip;]<\/p>\n","protected":false},"author":1,"featured_media":0,"parent":0,"menu_order":0,"comment_status":"closed","ping_status":"closed","template":"","meta":{"_et_pb_use_builder":"on","_et_pb_old_content":"","_et_gb_content_width":"","footnotes":""},"class_list":["post-74","page","type-page","status-publish","hentry"],"_links":{"self":[{"href":"https:\/\/mx.maux-mx.fr\/index.php?rest_route=\/wp\/v2\/pages\/74","targetHints":{"allow":["GET"]}}],"collection":[{"href":"https:\/\/mx.maux-mx.fr\/index.php?rest_route=\/wp\/v2\/pages"}],"about":[{"href":"https:\/\/mx.maux-mx.fr\/index.php?rest_route=\/wp\/v2\/types\/page"}],"author":[{"embeddable":true,"href":"https:\/\/mx.maux-mx.fr\/index.php?rest_route=\/wp\/v2\/users\/1"}],"replies":[{"embeddable":true,"href":"https:\/\/mx.maux-mx.fr\/index.php?rest_route=%2Fwp%2Fv2%2Fcomments&post=74"}],"version-history":[{"count":18,"href":"https:\/\/mx.maux-mx.fr\/index.php?rest_route=\/wp\/v2\/pages\/74\/revisions"}],"predecessor-version":[{"id":185,"href":"https:\/\/mx.maux-mx.fr\/index.php?rest_route=\/wp\/v2\/pages\/74\/revisions\/185"}],"wp:attachment":[{"href":"https:\/\/mx.maux-mx.fr\/index.php?rest_route=%2Fwp%2Fv2%2Fmedia&parent=74"}],"curies":[{"name":"wp","href":"https:\/\/api.w.org\/{rel}","templated":true}]}}